{"id":695,"date":"2023-11-06T12:30:49","date_gmt":"2023-11-06T11:30:49","guid":{"rendered":"https:\/\/lescocosensuede.com\/?post_type=product&#038;p=695"},"modified":"2025-12-11T20:14:42","modified_gmt":"2025-12-11T19:14:42","slug":"grande-couv-couv-annie-3","status":"publish","type":"product","link":"https:\/\/lescocosensuede.com\/sv\/produit\/grande-couv-couv-annie-3\/","title":{"rendered":"Stor Filt H\u00f6sttr\u00e4dg\u00e5rd"},"content":{"rendered":"<p><span style=\"font-weight: 400\">Denna stora mjuka och varma filt \u00e4r den perfekta f\u00f6delsepresenten. Den v\u00e4rmer de sm\u00e5 och f\u00f6ljer dem i deras uppv\u00e4xt. Den \u00e4r en v\u00e4rdefull allierad, alltid n\u00e4rvarande och tillg\u00e4nglig f\u00f6r att sova, r\u00f6ra p\u00e5 sig, lugna ner sig. Dess gener\u00f6sa storlek g\u00f6r att den kan linda in dina sm\u00e5 under en l\u00e5ng tid.<\/span><\/p>\n<p><span style=\"font-weight: 400\">Du kan ocks\u00e5 vika filten p\u00e5 mitten och anv\u00e4nda den n\u00e4r du b\u00e4r barnet, genom att kila fast tyget i sidorna av en b\u00e4rsele eller i remmarna p\u00e5 en ryggs\u00e4ck.<\/span><\/p>\n<p><span style=\"font-weight: 400\">Alla modeller i denna kollektion \u00e4r unika och sydda med k\u00e4rlek.<\/span><\/p>\n<p>&nbsp;<\/p>\n<p><span style=\"font-weight: 400\">Sammans\u00e4ttning: Oeko-Tex muslin och Oeko-Tex faux lammull Sherpafleece.<\/span><\/p>\n<p><span style=\"font-weight: 400\">M\u00e5tt: cirka 83 x 92 cm.<\/span><\/p>\n<p><span style=\"font-weight: 400\">Sk\u00f6tsel: Alla tyger tv\u00e4ttas noggrant f\u00f6re s\u00f6mnad och \u00e4r d\u00e4rf\u00f6r redo att anv\u00e4ndas direkt. Vi rekommenderar handtv\u00e4tt eller maskintv\u00e4tt vid l\u00e5g temperatur (max 40\u00b0C) och lufttorkning.<\/span><\/p>\n","protected":false},"excerpt":{"rendered":"<p>Denna stora mjuka och varma filt \u00e4r den perfekta f\u00f6delsepresenten. Den v\u00e4rmer de sm\u00e5 och f\u00f6ljer dem i deras uppv\u00e4xt. Den \u00e4r en v\u00e4rdefull allierad, alltid n\u00e4rvarande och tillg\u00e4nglig f\u00f6r att sova, r\u00f6ra p\u00e5 sig, lugna ner sig. Dess gener\u00f6sa storlek g\u00f6r att den kan linda in dina sm\u00e5 under en l\u00e5ng tid. Du kan [&hellip;]<\/p>\n","protected":false},"featured_media":871,"template":"","meta":{"_acf_changed":false},"product_brand":[],"product_cat":[23],"product_tag":[],"class_list":{"0":"post-695","1":"product","2":"type-product","3":"status-publish","4":"has-post-thumbnail","6":"product_cat-les-couv-couv","8":"first","9":"instock","10":"taxable","11":"shipping-taxable","12":"purchasable","13":"product-type-simple"},"acf":[],"jetpack_sharing_enabled":true,"_links":{"self":[{"href":"https:\/\/lescocosensuede.com\/sv\/wp-json\/wp\/v2\/product\/695","targetHints":{"allow":["GET"]}}],"collection":[{"href":"https:\/\/lescocosensuede.com\/sv\/wp-json\/wp\/v2\/product"}],"about":[{"href":"https:\/\/lescocosensuede.com\/sv\/wp-json\/wp\/v2\/types\/product"}],"wp:featuredmedia":[{"embeddable":true,"href":"https:\/\/lescocosensuede.com\/sv\/wp-json\/wp\/v2\/media\/871"}],"wp:attachment":[{"href":"https:\/\/lescocosensuede.com\/sv\/wp-json\/wp\/v2\/media?parent=695"}],"wp:term":[{"taxonomy":"product_brand","embeddable":true,"href":"https:\/\/lescocosensuede.com\/sv\/wp-json\/wp\/v2\/product_brand?post=695"},{"taxonomy":"product_cat","embeddable":true,"href":"https:\/\/lescocosensuede.com\/sv\/wp-json\/wp\/v2\/product_cat?post=695"},{"taxonomy":"product_tag","embeddable":true,"href":"https:\/\/lescocosensuede.com\/sv\/wp-json\/wp\/v2\/product_tag?post=695"}],"curies":[{"name":"wp","href":"https:\/\/api.w.org\/{rel}","templated":true}]}}