{"id":1807,"date":"2025-03-04T07:07:09","date_gmt":"2025-03-04T06:07:09","guid":{"rendered":"https:\/\/lescocosensuede.com\/?post_type=product&#038;p=1807"},"modified":"2025-03-04T07:08:15","modified_gmt":"2025-03-04T06:08:15","slug":"barrette-magique-en-tissue-2","status":"publish","type":"product","link":"https:\/\/lescocosensuede.com\/sv\/produit\/barrette-magique-en-tissue-2\/","title":{"rendered":"Magiskt h\u00e5rsp\u00e4nne"},"content":{"rendered":"<p><span style=\"font-weight: 400\">Uppt\u00e4ck v\u00e5ra sm\u00e5 magiska h\u00e5rsp\u00e4nnen som sitter i allt h\u00e5r, \u00e4ven fint och tunt h\u00e5r som sm\u00e5 bebisar har.<\/span><\/p>\n<p><span style=\"font-weight: 400\">Vi producerar dessa med vackra bomulls- och linnetyger, men \u00e4ven med stickat alpackaull p\u00e5 sp\u00e4nnen som ursprungligen \u00e4r \u00e4mnade f\u00f6r peruker. Sp\u00e4nnena sitter bra, \u00e4ven p\u00e5 kort och fint h\u00e5r, och \u00e4r enkla att s\u00e4tta fast och att ta bort.<\/span><\/p>\n<p><span style=\"font-weight: 400\">Vi garanterar en o\u00f6vertr\u00e4ffbar gullighet i era barns h\u00e5r, eller i ditt eget. Vi \u00e4lskar att pryda huvuden p\u00e5 bebisar s\u00e5v\u00e4l som de vuxnas.<\/span><\/p>\n<p><span style=\"font-weight: 400\">Alla modeller i denna kollektion \u00e4r unika och sydda med k\u00e4rlek.<\/span><\/p>\n<p>&nbsp;<\/p>\n<p><span style=\"font-weight: 400\">Sammans\u00e4ttning: 100% Oeko-Tex bomull. Sp\u00e4nne i metall.<\/span><\/p>\n<p><span style=\"font-weight: 400\">Storlek: Cirka 6 x 4 cm.<\/span><\/p>\n<p><span style=\"font-weight: 400\">Sk\u00f6tsel: Alla tyger tv\u00e4ttas noggrant f\u00f6re s\u00f6mnad och \u00e4r d\u00e4rf\u00f6r redo att anv\u00e4ndas direkt. Vi rekommenderar handtv\u00e4tt och lufttorkning.<\/span><\/p>\n","protected":false},"excerpt":{"rendered":"<p>Uppt\u00e4ck v\u00e5ra sm\u00e5 magiska h\u00e5rsp\u00e4nnen som sitter i allt h\u00e5r, \u00e4ven fint och tunt h\u00e5r som sm\u00e5 bebisar har. Vi producerar dessa med vackra bomulls- och linnetyger, men \u00e4ven med stickat alpackaull p\u00e5 sp\u00e4nnen som ursprungligen \u00e4r \u00e4mnade f\u00f6r peruker. Sp\u00e4nnena sitter bra, \u00e4ven p\u00e5 kort och fint h\u00e5r, och \u00e4r enkla att s\u00e4tta fast [&hellip;]<\/p>\n","protected":false},"featured_media":1786,"template":"","meta":{"_acf_changed":false},"product_brand":[],"product_cat":[35],"product_tag":[],"class_list":{"0":"post-1807","1":"product","2":"type-product","3":"status-publish","4":"has-post-thumbnail","6":"product_cat-sur-la-tete","8":"first","9":"instock","10":"taxable","11":"shipping-taxable","12":"purchasable","13":"product-type-simple"},"acf":[],"jetpack_sharing_enabled":true,"_links":{"self":[{"href":"https:\/\/lescocosensuede.com\/sv\/wp-json\/wp\/v2\/product\/1807","targetHints":{"allow":["GET"]}}],"collection":[{"href":"https:\/\/lescocosensuede.com\/sv\/wp-json\/wp\/v2\/product"}],"about":[{"href":"https:\/\/lescocosensuede.com\/sv\/wp-json\/wp\/v2\/types\/product"}],"wp:featuredmedia":[{"embeddable":true,"href":"https:\/\/lescocosensuede.com\/sv\/wp-json\/wp\/v2\/media\/1786"}],"wp:attachment":[{"href":"https:\/\/lescocosensuede.com\/sv\/wp-json\/wp\/v2\/media?parent=1807"}],"wp:term":[{"taxonomy":"product_brand","embeddable":true,"href":"https:\/\/lescocosensuede.com\/sv\/wp-json\/wp\/v2\/product_brand?post=1807"},{"taxonomy":"product_cat","embeddable":true,"href":"https:\/\/lescocosensuede.com\/sv\/wp-json\/wp\/v2\/product_cat?post=1807"},{"taxonomy":"product_tag","embeddable":true,"href":"https:\/\/lescocosensuede.com\/sv\/wp-json\/wp\/v2\/product_tag?post=1807"}],"curies":[{"name":"wp","href":"https:\/\/api.w.org\/{rel}","templated":true}]}}